{"id":446,"date":"2025-03-19T10:32:36","date_gmt":"2025-03-19T10:32:36","guid":{"rendered":"https:\/\/zspnowabrzeznica.pl\/?page_id=446"},"modified":"2025-08-14T15:56:29","modified_gmt":"2025-08-14T15:56:29","slug":"pedagog-specjalny","status":"publish","type":"page","link":"https:\/\/zspnowabrzeznica.pl\/index.php\/pedagog-specjalny\/","title":{"rendered":"Pedagog Specjalny"},"content":{"rendered":"\n<h3 class=\"wp-block-heading\">Opieka psychiatryczna i leczenie uzale\u017cnie\u0144<br><\/h3>\n\n\n\n<p>W nag\u0142ej sytuacji zagro\u017cenia \u017cycia i zdrowia<br>\u2022 dzwo\u0144 na numer alarmowy 112<br>\u2022 dzwo\u0144 na pogotowie ratunkowe 999<br>\u2022 udaj si\u0119 na najbli\u017csz\u0105 izb\u0119 przyj\u0119\u0107 w szpitalu, w kt\u00f3rym znajduje si\u0119 oddzia\u0142 psychiatryczny<br>\u2022 udaj si\u0119 na SOR (szpitalny oddzia\u0142 ratunkowy) w szpitalu, w kt\u00f3rym znajduje si\u0119 oddzia\u0142 psychiatryczny.<br>\u015awiadczenia opieki psychiatrycznej i leczenia uzale\u017cnie\u0144 skierowane s\u0105 do os\u00f3b z zaburzeniami.<\/p>\n\n\n<div class=\"wp-block-image\">\n<figure class=\"aligncenter size-large\"><img loading=\"lazy\" decoding=\"async\" width=\"1024\" height=\"993\" src=\"https:\/\/zspnowabrzeznica.pl\/wp-content\/uploads\/2025\/08\/2025-08-14_ogloszenie2-1024x993.png\" alt=\"\" class=\"wp-image-1980\" srcset=\"https:\/\/zspnowabrzeznica.pl\/wp-content\/uploads\/2025\/08\/2025-08-14_ogloszenie2-1024x993.png 1024w, https:\/\/zspnowabrzeznica.pl\/wp-content\/uploads\/2025\/08\/2025-08-14_ogloszenie2-300x291.png 300w, https:\/\/zspnowabrzeznica.pl\/wp-content\/uploads\/2025\/08\/2025-08-14_ogloszenie2-768x745.png 768w, https:\/\/zspnowabrzeznica.pl\/wp-content\/uploads\/2025\/08\/2025-08-14_ogloszenie2-24x24.png 24w, https:\/\/zspnowabrzeznica.pl\/wp-content\/uploads\/2025\/08\/2025-08-14_ogloszenie2-36x36.png 36w, https:\/\/zspnowabrzeznica.pl\/wp-content\/uploads\/2025\/08\/2025-08-14_ogloszenie2-70x68.png 70w, https:\/\/zspnowabrzeznica.pl\/wp-content\/uploads\/2025\/08\/2025-08-14_ogloszenie2.png 1068w\" sizes=\"auto, (max-width: 1024px) 100vw, 1024px\" \/><\/figure>\n<\/div>\n\n\n<h3 class=\"wp-block-heading\">Nastolatek w obliczu kryzysu dojrzewania<\/h3>\n\n\n\n<p class=\"has-text-align-center\"><em>\u201e\u017bycie nie jest problemem do rozwi\u0105zania tylko rzeczywisto\u015bci\u0105 do do\u015bwiadczenia\u201d.<br>Soren Kierkegaard<\/em><\/p>\n\n\n\n<p>Dojrzewanie jest okresem powa\u017cnych zmian i zada\u0144 rozwojowych. To czas, kiedy nastolatek przeobra\u017ca si\u0119 w osob\u0119 doros\u0142\u0105. Proces dorastania obejmuje zmiany w sferze fizycznej, psychicznej, spo\u0142ecznej i duchowej.<\/p>\n\n\n\n<p>Nastolatek poszukuje i stara si\u0119 okre\u015bli\u0107 swoj\u0105 to\u017csamo\u015b\u0107. W tym okresie wycofanie z aktywno\u015bci, pomieszanie emocjonalne czy te\u017c niepewno\u015b\u0107 co do w\u0142asnych kompetencji i mo\u017cliwo\u015bci, s\u0105 objawem gruntownych zmian i wyznaczaj\u0105 prawid\u0142owy przebieg w rozwoju.<br>Burza hormonalna u nastolatka jest zwi\u0105zana z rozwojem fizycznym, prowadz\u0105cym do dojrza\u0142o\u015bci. Funkcjonowanie emocjonalne cechuje du\u017ca zmienno\u015b\u0107 nastroj\u00f3w, impulsywno\u015b\u0107, utrudniona kontrola emocji.<\/p>\n\n\n\n<p>Wa\u017cn\u0105 i zauwa\u017caln\u0105 cech\u0105 tego okresu jest odrzucenie i krytykowanie tego, co proponuj\u0105 doro\u015bli. Ten negatywizm jest symptomem rozpocz\u0119cia nowej i nie\u0142atwej drogi do opracowania w\u0142asnego planu dzia\u0142ania i okre\u015blenia jego kszta\u0142tu.<\/p>\n\n\n\n<p>Wyzwania i zadania stoj\u0105ce przed statystycznym nastolatkiem, zwi\u0105zane s\u0105 z jego wielowymiarowym rozwojem.<\/p>\n\n\n\n<p>Zadania rozwojowe nastolatka:<\/p>\n\n\n\n<ul class=\"wp-block-list\">\n<li>chce wej\u015b\u0107 w doros\u0142o\u015b\u0107, pr\u00f3buje zrozumie\u0107 role edukacji dla swojej przysz\u0142o\u015bci oraz odkry\u0107 poczucie odpowiedzialno\u015bci za siebie i innych,<\/li>\n\n\n\n<li>pragnie intymno\u015bci, potrzebuje relacji spo\u0142ecznych, szuka nowych warto\u015bci,<\/li>\n\n\n\n<li>podejmuje pr\u00f3by zdefiniowania siebie, buduje swoj\u0105 to\u017csamo\u015b\u0107, nazywa nowe dla siebie idee,<\/li>\n\n\n\n<li>bada swoje upodobania modowe, muzyczne, zainteresowania,<\/li>\n\n\n\n<li>zauwa\u017ca radykaln\u0105 zmian\u0119 swojego dojrzewaj\u0105cego cia\u0142a, oraz zmiany indywidualne swoich r\u00f3wie\u015bnik\u00f3w,<\/li>\n\n\n\n<li>uczy si\u0119 swojej seksualno\u015bci,<\/li>\n\n\n\n<li>potrzebuje zakwestionowania przekona\u0144 i postaw swoich rodzic\u00f3w, jednocze\u015bnie pozostaj\u0105c z nimi w blisko\u015bci,<\/li>\n\n\n\n<li>uczy si\u0119 przyja\u017ani i znaczenia relacji z r\u00f3wie\u015bnikami, wi\u0119zi z tego okresu, mimo, \u017ce burzliwe, s\u0105 najbardziej trwa\u0142e.<\/li>\n<\/ul>\n\n\n\n<p>Wa\u017cnym jest, aby zrozumie\u0107, \u017ce powinno\u015bci\u0105 rodzica jest pozostawa\u0107 w gotowo\u015bci i adekwatnie odpowiada\u0107 na potrzeby dziecka. Najistotniejszym jest tu dba\u0142o\u015b\u0107 o dobr\u0105 relacj\u0119, gdy\u017c tylko ona mo\u017ce by\u0107 pomocna w identyfikowaniu potrzeb i udzieleniu wsparcia nastolatkowi.<\/p>\n\n\n\n<p>W ci\u0105gu kilku lat mi\u0119dzy dzieci\u0144stwem a doros\u0142o\u015bci\u0105, m\u0142ody cz\u0142owiek musi zaadaptowa\u0107 si\u0119 do wielu zmian, tak by m\u00f3c sta\u0107 si\u0119 niezale\u017cn\u0105, dojrza\u0142\u0105 do doros\u0142ego \u017cycia jednostk\u0105. Ten czas mo\u017ce przebiega\u0107 stosunkowo harmonijnie, ale bywa okresem kryzys\u00f3w, burzliwo\u015bci czy nawet etapem depresyjnym. Depresja mo\u017ce pojawi\u0107 si\u0119, jako odpowied\u017a na skumulowane trudne emocje, wzmo\u017cone napi\u0119cie i stres oraz braku akceptacji dla dynamicznie zachodz\u0105cych zmian.<\/p>\n\n\n\n<p>Depresja jest stanem, w kt\u00f3rym dominuje obni\u017cony nastr\u00f3j. Cz\u0142owiek nie potrafi si\u0119 cieszy\u0107 z \u017cycia, traci zainteresowanie tym, co wcze\u015bniej go motywowa\u0142o do dzia\u0142ania, pojawiaj\u0105 si\u0119 problemy z jedzeniem i snem. Obni\u017cone poczucie warto\u015bci, poczucie winy prowadzi do my\u015bli o \u015bmierci i pr\u00f3bach samob\u00f3jczych przysparzaj\u0105c ogromnego cierpienia i osamotnienia.<\/p>\n\n\n\n<p>W czasie zachwiania r\u00f3wnowagi psychicznej dziecka, mog\u0105 pojawi\u0107 si\u0119 samookaleczenia, kt\u00f3re osobom w cierpieniu przynosz\u0105 zmniejszenie dyskomfortu psychicznego lub zakomunikowania o nim. Samouszkodzenie mo\u017ce by\u0107 kolejnym szczeblem na drabinie prowadzonym do my\u015bli i podejmowanych pr\u00f3b samob\u00f3jczych. Samouszkodzenia mog\u0105 mie\u0107 miejsce na r\u0119kach lub nogach w miejscach, kt\u00f3re nie s\u0105 eksponowane. Wielokrotne powtarzaj\u0105ce si\u0119 okaleczenia zwi\u0119kszaj\u0105 ryzyko pr\u00f3b samob\u00f3jczych, b\u0119d\u0105cymi oznak\u0105 powa\u017cnych problem\u00f3w psychicznych. Osoby te wymagaj\u0105 bezwzgl\u0119dnie powa\u017cnego potraktowania i leczenia.<\/p>\n\n\n\n<p><strong>Jak rozmawia\u0107 z dzieckiem, kiedy obserwujemy niepokoj\u0105ce nas zachowania?<\/strong><\/p>\n\n\n\n<ul class=\"wp-block-list\">\n<li>B\u0105d\u017a cierpliwy, i pytaj, pocz\u0105tkowe pr\u00f3by mog\u0105 by\u0107 nieskuteczne<\/li>\n\n\n\n<li>zastosuj zasad\u0119 otwartych drzwi i pe\u0142nej dost\u0119pno\u015bci<\/li>\n\n\n\n<li>b\u0105d\u017a blisko, czekaj\u0105 na czas, kiedy dziecko zechce porozmawia\u0107<\/li>\n\n\n\n<li>kiedy uda si\u0119 nawi\u0105za\u0107 rozmow\u0119, rozmawiaj naturalnie, uwa\u017cnie s\u0142uchaj, zadawaj kr\u00f3tkie pytania,<\/li>\n\n\n\n<li>nie komentuj, pos\u0142uguj si\u0119 prostym j\u0119zykiem, patrz na dziecko, ujawnij swoje odczucia, \u017ce jego sprawy nie s\u0105 Ci oboj\u0119tne<\/li>\n\n\n\n<li>\u201eJestem poruszony tym, o czym mi powiedzia\u0142e\u015b\u2019 nie m\u00f3w jednak, \u017ce jego s\u0142owa Ci\u0119 przerazi\u0142y.<\/li>\n\n\n\n<li>Nie b\u00f3j si\u0119 te\u017c ciszy.<\/li>\n<\/ul>\n\n\n\n<p><\/p>\n\n\n\n<p><strong>Gdzie szuka\u0107 profesjonalisty do pierwszego kontaktu:<\/strong><\/p>\n\n\n\n<ul class=\"wp-block-list\">\n<li>pedagog szkolny\/psycholog,<\/li>\n\n\n\n<li>poradnia Psychologiczno-Pedagogiczna,<\/li>\n\n\n\n<li>lekarz pierwszego kontaktu,<\/li>\n\n\n\n<li>Punkt\/O\u015brodek Interwencji Kryzysowej,<\/li>\n\n\n\n<li>O\u015brodek Pomocy Spo\u0142ecznej,najbli\u017csza Poradnia Zdrowia Psychicznego Dla dzieci i M\u0142odzie\u017cy,<\/li>\n\n\n\n<li>gabinety prywatne w okolicy.<\/li>\n<\/ul>\n\n\n\n<p><\/p>\n\n\n\n<p><strong>Wi\u0119cej informacji na ten temat mo\u017cecie Pa\u0144stwo znale\u017a\u0107 na stronie:<\/strong> <strong><a href=\"https:\/\/issuu.com\/fundacja.wieloglosu\/docs\/pdr_30grudnia_wm4\" data-type=\"link\" data-id=\"https:\/\/issuu.com\/fundacja.wieloglosu\/docs\/pdr_30grudnia_wm4\">issuu.com<\/a><\/strong><\/p>\n\n\n\n<p class=\"has-text-align-center\"><img loading=\"lazy\" decoding=\"async\" width=\"507\" height=\"662\" class=\"wp-image-560\" style=\"width: 507px;\" src=\"https:\/\/zspnowabrzeznica.pl\/wp-content\/uploads\/2025\/03\/pedgaogspecjalny1.png\" alt=\"\" srcset=\"https:\/\/zspnowabrzeznica.pl\/wp-content\/uploads\/2025\/03\/pedgaogspecjalny1.png 507w, https:\/\/zspnowabrzeznica.pl\/wp-content\/uploads\/2025\/03\/pedgaogspecjalny1-230x300.png 230w, https:\/\/zspnowabrzeznica.pl\/wp-content\/uploads\/2025\/03\/pedgaogspecjalny1-18x24.png 18w, https:\/\/zspnowabrzeznica.pl\/wp-content\/uploads\/2025\/03\/pedgaogspecjalny1-28x36.png 28w, https:\/\/zspnowabrzeznica.pl\/wp-content\/uploads\/2025\/03\/pedgaogspecjalny1-54x70.png 54w\" sizes=\"auto, (max-width: 507px) 100vw, 507px\" \/><\/p>\n","protected":false},"excerpt":{"rendered":"<p>Opieka psychiatryczna i leczenie uzale\u017cnie\u0144 W nag\u0142ej sytuacji zagro\u017cenia \u017cycia i zdrowia\u2022 dzwo\u0144 na numer alarmowy 112\u2022 dzwo\u0144 na pogotowie [&hellip;]<\/p>\n","protected":false},"author":1,"featured_media":677,"parent":0,"menu_order":0,"comment_status":"closed","ping_status":"closed","template":"","meta":{"ngg_post_thumbnail":0,"footnotes":""},"class_list":["post-446","page","type-page","status-publish","has-post-thumbnail","hentry"],"_links":{"self":[{"href":"https:\/\/zspnowabrzeznica.pl\/index.php\/wp-json\/wp\/v2\/pages\/446","targetHints":{"allow":["GET"]}}],"collection":[{"href":"https:\/\/zspnowabrzeznica.pl\/index.php\/wp-json\/wp\/v2\/pages"}],"about":[{"href":"https:\/\/zspnowabrzeznica.pl\/index.php\/wp-json\/wp\/v2\/types\/page"}],"author":[{"embeddable":true,"href":"https:\/\/zspnowabrzeznica.pl\/index.php\/wp-json\/wp\/v2\/users\/1"}],"replies":[{"embeddable":true,"href":"https:\/\/zspnowabrzeznica.pl\/index.php\/wp-json\/wp\/v2\/comments?post=446"}],"version-history":[{"count":11,"href":"https:\/\/zspnowabrzeznica.pl\/index.php\/wp-json\/wp\/v2\/pages\/446\/revisions"}],"predecessor-version":[{"id":1996,"href":"https:\/\/zspnowabrzeznica.pl\/index.php\/wp-json\/wp\/v2\/pages\/446\/revisions\/1996"}],"wp:featuredmedia":[{"embeddable":true,"href":"https:\/\/zspnowabrzeznica.pl\/index.php\/wp-json\/wp\/v2\/media\/677"}],"wp:attachment":[{"href":"https:\/\/zspnowabrzeznica.pl\/index.php\/wp-json\/wp\/v2\/media?parent=446"}],"curies":[{"name":"wp","href":"https:\/\/api.w.org\/{rel}","templated":true}]}}