{"id":738,"date":"2025-03-22T16:44:18","date_gmt":"2025-03-22T16:44:18","guid":{"rendered":"https:\/\/zspnowabrzeznica.pl\/?page_id=738"},"modified":"2025-05-01T08:26:42","modified_gmt":"2025-05-01T08:26:42","slug":"rodo-klauzula-informacyjna","status":"publish","type":"page","link":"https:\/\/zspnowabrzeznica.pl\/index.php\/rodo-klauzula-informacyjna\/","title":{"rendered":"RODO &#8211; klauzula informacyjna"},"content":{"rendered":"\n<p>Na podstawie art. 13 Rozporz\u0105dzenia Parlamentu Europejskiego i Rady (UE) 2016\/679 z dnia 27 kwietnia 2016 roku w sprawie ochrony os\u00f3b fizycznych w zwi\u0105zku z przetwarzaniem danych osobowych i w sprawie swobodnego przep\u0142ywu takich danych oraz uchylenia dyrektywy 95\/46\/WE informujemy, \u017ce:<\/p>\n\n\n\n<ol class=\"wp-block-list\">\n<li>Administratorem Danych Osobowych jest: Zesp\u00f3\u0142 Szkolno \u2013 Przedszkolny w Nowej Brze\u017anicy, ul. Ko\u015bciuszki 100, 98-331 Nowa Brze\u017anica tel. (34) 311 96 62, e-mail: sp@nowabrzeznica.pl. Reprezentowny przez Dyrektora.<\/li>\n\n\n\n<li>email IOD: kontakt@iszd.pl lub pisemnie na adres administratora.<\/li>\n\n\n\n<li>Dane osobowe przetwarzane s\u0105 w nast\u0119puj\u0105cych celach:<br>a) dane osobowe ucznia wraz z powi\u0105zanymi z nim danymi rodzica w celu realizacji zada\u0144 dydaktycznych, wychowawczych i opieku\u0144czych, zgodnie z: Ustaw\u0105 z dnia 7 wrze\u015bnia 1991r. o systemie o\u015bwiaty, Ustaw\u0105 z dnia 14 grudnia 2016r. &#8211; Prawo o\u015bwiatowe i wydanymi na ich podstawie rozporz\u0105dzeniami odpowiednich ministr\u00f3w, Ustaw\u0105 z dnia 10 maja 2018r. o ochronie danych osobowych oraz na podstawie art. 6 ust. 1 lit. c og\u00f3lnego rozporz\u0105dzenia o ochronie danych osobowych z dnia 27 kwietnia 2016r. \u2013 RODO;<br>b) dane osobowe ucznia zwi\u0105zane z udzia\u0142em dziecka w wycieczkach, konkursach i zawodach organizowanych w szkole i poza ni\u0105 na podstawie podpisanej zgody, zgodnie z art. 6 ust. 1 lit. a og\u00f3lnego rozporz\u0105dzenia o ochronie danych osobowych z dnia 27 kwietnia 2016r. \u2013 RODO;<br>c) wizerunek oraz osi\u0105gni\u0119cia dziecka w celu publikacji w materia\u0142ach publikowanych lub autoryzowanych przez szko\u0142\u0119 w mediach oraz na stronie internetowej szko\u0142y na podstawie podpisanej zgody, zgodnie z art. 6 ust. 1 lit. a og\u00f3lnego rozporz\u0105dzenia o ochronie danych osobowych z dnia 27 kwietnia 2016r. \u2013 RODO;<br>d) dane osobowe osoby nieb\u0119d\u0105cej rodzicem a uprawnionej do odbioru dziecka ze \u015bwietlicy szkolnej na podstawie podpisanej zgody, zgodnie z art. 6 ust. 1 lit. a og\u00f3lnego rozporz\u0105dzenia o ochronie danych osobowych z dnia 27 kwietnia 2016r. \u2013 RODO.<\/li>\n\n\n\n<li>Odbiorcami danych osobowych b\u0119d\u0105 wy\u0142\u0105cznie podmioty uprawnione do uzyskania danych osobowych na podstawie przepis\u00f3w prawa w tym m. in.: Ministerstwo Edukacji Narodowej &#8211; System Informacji O\u015bwiatowej, Kuratorium O\u015bwiaty w \u0141odzi, Okr\u0119gowa Komisja Egzaminacyjna w \u0141odzi, Organ prowadz\u0105cy \u2013 Urz\u0105d Gminy w Nowej Brze\u017anicy, ubezpieczyciel na podstawie wniosku zg\u0142oszenia szkody, Nowa Era na podstawie umowy powierzenia danych i inne na wniosek np. PPP, S\u0105d, GOPS.<\/li>\n\n\n\n<li>Dane osobowe ucznia i jego rodzic\u00f3w nie b\u0119d\u0105 przekazywane do pa\u0144stwa trzeciego\/organizacji mi\u0119dzynarodowej poza obszar dzia\u0142ania RODO.<\/li>\n\n\n\n<li>Przekazane dane osobowe b\u0119d\u0105 przechowywane w r\u00f3\u017cnych okresach czasu w oparciu o Instrukcj\u0119 Kancelaryjn\u0105 na podstawie: Ustawy z dnia 14 lipca 1983 r. o narodowym zasobie archiwalnym i archiwach oraz Rozporz\u0105dzenia Ministra Kultury z dnia 16 wrze\u015bnia 2002 r. w sprawie post\u0119powania z dokumentacj\u0105, zasad jej klasyfikowania i kwalifikowania oraz zasad i trybu przekazywania materia\u0142\u00f3w archiwalnych do archiw\u00f3w pa\u0144stwowych.<\/li>\n\n\n\n<li>Posiada Pani\/Pan prawo dost\u0119pu do tre\u015bci danych dziecka i powi\u0105zanych z nimi danych rodzica oraz prawo ich sprostowania, usuni\u0119cia, ograniczenia przetwarzania, prawo do przenoszenia danych, prawo wniesienia sprzeciwu, prawo do cofni\u0119cia zgody (je\u017celi przetwarzanie odbywa si\u0119 na podstawie zgody) w dowolnym momencie bez wp\u0142ywu na zgodno\u015b\u0107 z prawem przetwarzania, kt\u00f3rego dokonano na podstawie zgody przed jej cofni\u0119ciem. Wszystkie wymienione prawa wymagaj\u0105 pisemnej formy (np. zgody, o\u015bwiadczenia, itp.).<\/li>\n\n\n\n<li>Ma Pani\/Pan prawo wniesienia skargi do organu nadzorczego, gdy uzna Pani\/Pan, i\u017c przetwarzanie danych osobowych dotycz\u0105cych ucznia i jego rodzic\u00f3w lub os\u00f3b odbieraj\u0105cych dzieci ze \u015bwietlicy narusza przepisy og\u00f3lnego rozporz\u0105dzenia o ochronie danych osobowych z dnia 27 kwietnia 2016r.<\/li>\n\n\n\n<li>Podanie przez Pani\u0105\/Pana danych osobowych wymienionych w pkt. 3a jest wymogiem ustawowym. Jest Pani\/Pan zobowi\u0105zana(y) do ich podania a konsekwencj\u0105 niepodania danych osobowych b\u0119dzie niewpisanie ucznia do Ewidencji Uczni\u00f3w szko\u0142y (czyli nieprzyj\u0119cie ucznia). Podanie danych wymienionych w punktach 3b-3d wymaga pisemnej zgody a konsekwencja braku zgody lub jej niewyra\u017cenia skutkuje: brakiem publikacji osi\u0105gni\u0119\u0107 ucznia, zakazem udzia\u0142u w konkursach i zawodach oraz brakiem mo\u017cliwo\u015bci odebrania dziecka ze \u015bwietlicy przez osob\u0119 inn\u0105 ni\u017c rodzice.<\/li>\n\n\n\n<li>Zgodnie z obowi\u0105zuj\u0105cym prawem Zesp\u00f3\u0142 Szkolno \u2013 Przedszkolny w Nowej Brze\u017anicy nie ponosi odpowiedzialno\u015bci za przetwarzanie i rozpowszechnianie przez rodzic\u00f3w wizerunk\u00f3w dzieci lub innych rodzic\u00f3w (np. wykonywanie zdj\u0119\u0107 i film\u00f3w na szkolnych uroczysto\u015bciach, wycieczkach, a nast\u0119pnie ich zamieszczanie w Internecie). Prosimy pami\u0119ta\u0107, \u017ce rozpowszechnianie wizerunku innej osoby wymaga zgody osoby, kt\u00f3rej wizerunek jest rozpowszechniany albo zgody rodzica\/opiekuna prawnego w przypadku wizerunku dziecka.<\/li>\n<\/ol>\n\n\n\n<p><\/p>\n\n\n\n<p><img loading=\"lazy\" decoding=\"async\" width=\"40\" height=\"44\" class=\"wp-image-495\" style=\"width: 40px;\" src=\"https:\/\/zspnowabrzeznica.pl\/wp-content\/uploads\/2025\/03\/ikona-format-pdf.png\" alt=\"\" srcset=\"https:\/\/zspnowabrzeznica.pl\/wp-content\/uploads\/2025\/03\/ikona-format-pdf.png 40w, https:\/\/zspnowabrzeznica.pl\/wp-content\/uploads\/2025\/03\/ikona-format-pdf-22x24.png 22w, https:\/\/zspnowabrzeznica.pl\/wp-content\/uploads\/2025\/03\/ikona-format-pdf-33x36.png 33w\" sizes=\"auto, (max-width: 40px) 100vw, 40px\" \/> <a href=\"http:\/\/archiwum.zspnowabrzeznica.pl\/download\/rodo-2n.pdf\" data-type=\"link\" data-id=\"http:\/\/archiwum.spnowabrzeznica.pl\/download\/rodo-2n.pdf\">Klauzula informacyjna &#8211; monitoring<\/a><\/p>\n\n\n\n<p><img loading=\"lazy\" decoding=\"async\" width=\"40\" height=\"44\" class=\"wp-image-495\" style=\"width: 40px;\" src=\"https:\/\/zspnowabrzeznica.pl\/wp-content\/uploads\/2025\/03\/ikona-format-pdf.png\" alt=\"\" srcset=\"https:\/\/zspnowabrzeznica.pl\/wp-content\/uploads\/2025\/03\/ikona-format-pdf.png 40w, https:\/\/zspnowabrzeznica.pl\/wp-content\/uploads\/2025\/03\/ikona-format-pdf-22x24.png 22w, https:\/\/zspnowabrzeznica.pl\/wp-content\/uploads\/2025\/03\/ikona-format-pdf-33x36.png 33w\" sizes=\"auto, (max-width: 40px) 100vw, 40px\" \/> <a href=\"http:\/\/archiwum.zspnowabrzeznica.pl\/download\/rodo-3n.pdf\" data-type=\"link\" data-id=\"http:\/\/archiwum.zspnowabrzeznica.pl\/download\/rodo-3n.pdf\">Klauzula informacyjna &#8211; dziennik elektroniczny<\/a><\/p>\n\n\n\n<p><img loading=\"lazy\" decoding=\"async\" width=\"40\" height=\"44\" class=\"wp-image-495\" style=\"width: 40px;\" src=\"https:\/\/zspnowabrzeznica.pl\/wp-content\/uploads\/2025\/03\/ikona-format-pdf.png\" alt=\"\" srcset=\"https:\/\/zspnowabrzeznica.pl\/wp-content\/uploads\/2025\/03\/ikona-format-pdf.png 40w, https:\/\/zspnowabrzeznica.pl\/wp-content\/uploads\/2025\/03\/ikona-format-pdf-22x24.png 22w, https:\/\/zspnowabrzeznica.pl\/wp-content\/uploads\/2025\/03\/ikona-format-pdf-33x36.png 33w\" sizes=\"auto, (max-width: 40px) 100vw, 40px\" \/> <a href=\"https:\/\/zspnowabrzeznica.pl\/download\/rodo-klauzula_email.pdf\" data-type=\"link\" data-id=\"http:\/\/archiwum.zspnowabrzeznica.pl\/download\/rodo-4n.pdf\">Klauzula informacyjna &#8211; e-mail<\/a><\/p>\n\n\n\n<p><img loading=\"lazy\" decoding=\"async\" width=\"40\" height=\"44\" class=\"wp-image-495\" style=\"width: 40px;\" src=\"https:\/\/zspnowabrzeznica.pl\/wp-content\/uploads\/2025\/03\/ikona-format-pdf.png\" alt=\"\" srcset=\"https:\/\/zspnowabrzeznica.pl\/wp-content\/uploads\/2025\/03\/ikona-format-pdf.png 40w, https:\/\/zspnowabrzeznica.pl\/wp-content\/uploads\/2025\/03\/ikona-format-pdf-22x24.png 22w, https:\/\/zspnowabrzeznica.pl\/wp-content\/uploads\/2025\/03\/ikona-format-pdf-33x36.png 33w\" sizes=\"auto, (max-width: 40px) 100vw, 40px\" \/> <a href=\"https:\/\/zspnowabrzeznica.pl\/download\/rodo-klauzula-edoreczenia..pdf\" data-type=\"link\" data-id=\"http:\/\/archiwum.zspnowabrzeznica.pl\/download\/rodo-4n.pdf\">Klauzula informacyjna &#8211; e-dor\u0119czenia<\/a><\/p>\n\n\n\n<h2 class=\"wp-block-heading\">Klauzula informacyjna &#8211; rekrutacja<\/h2>\n\n\n\n<p>W zwi\u0105zku z obowi\u0105zuj\u0105cym od 25 maja 2018 r. Rozporz\u0105dzeniem Parlamentu Europejskiego i Rady (UE) 2016\/679 z 27 kwietnia 2016 r. (Dz. Urz. UE L 119 z 04.05.2016) w sprawie ochrony os\u00f3b fizycznych w zwi\u0105zku z przetwarzaniem danych osobowych i w sprawie swobodnego przep\u0142ywu takich danych oraz uchylenia dyrektywy 95\/46\/WE (og\u00f3lne rozporz\u0105dzenie o ochronie danych, dalej RODO):<\/p>\n\n\n\n<p class=\"has-text-align-center\"><img loading=\"lazy\" decoding=\"async\" width=\"500\" height=\"361\" class=\"wp-image-743\" style=\"width: 500px;\" src=\"https:\/\/zspnowabrzeznica.pl\/wp-content\/uploads\/2025\/03\/rodo-klauzula-tabela.png\" alt=\"\" srcset=\"https:\/\/zspnowabrzeznica.pl\/wp-content\/uploads\/2025\/03\/rodo-klauzula-tabela.png 507w, https:\/\/zspnowabrzeznica.pl\/wp-content\/uploads\/2025\/03\/rodo-klauzula-tabela-300x217.png 300w, https:\/\/zspnowabrzeznica.pl\/wp-content\/uploads\/2025\/03\/rodo-klauzula-tabela-24x17.png 24w, https:\/\/zspnowabrzeznica.pl\/wp-content\/uploads\/2025\/03\/rodo-klauzula-tabela-36x26.png 36w, https:\/\/zspnowabrzeznica.pl\/wp-content\/uploads\/2025\/03\/rodo-klauzula-tabela-70x51.png 70w\" sizes=\"auto, (max-width: 500px) 100vw, 500px\" \/><\/p>\n","protected":false},"excerpt":{"rendered":"<p>Na podstawie art. 13 Rozporz\u0105dzenia Parlamentu Europejskiego i Rady (UE) 2016\/679 z dnia 27 kwietnia 2016 roku w sprawie ochrony [&hellip;]<\/p>\n","protected":false},"author":1,"featured_media":739,"parent":0,"menu_order":0,"comment_status":"closed","ping_status":"closed","template":"","meta":{"ngg_post_thumbnail":0,"footnotes":""},"class_list":["post-738","page","type-page","status-publish","has-post-thumbnail","hentry"],"_links":{"self":[{"href":"https:\/\/zspnowabrzeznica.pl\/index.php\/wp-json\/wp\/v2\/pages\/738","targetHints":{"allow":["GET"]}}],"collection":[{"href":"https:\/\/zspnowabrzeznica.pl\/index.php\/wp-json\/wp\/v2\/pages"}],"about":[{"href":"https:\/\/zspnowabrzeznica.pl\/index.php\/wp-json\/wp\/v2\/types\/page"}],"author":[{"embeddable":true,"href":"https:\/\/zspnowabrzeznica.pl\/index.php\/wp-json\/wp\/v2\/users\/1"}],"replies":[{"embeddable":true,"href":"https:\/\/zspnowabrzeznica.pl\/index.php\/wp-json\/wp\/v2\/comments?post=738"}],"version-history":[{"count":6,"href":"https:\/\/zspnowabrzeznica.pl\/index.php\/wp-json\/wp\/v2\/pages\/738\/revisions"}],"predecessor-version":[{"id":1060,"href":"https:\/\/zspnowabrzeznica.pl\/index.php\/wp-json\/wp\/v2\/pages\/738\/revisions\/1060"}],"wp:featuredmedia":[{"embeddable":true,"href":"https:\/\/zspnowabrzeznica.pl\/index.php\/wp-json\/wp\/v2\/media\/739"}],"wp:attachment":[{"href":"https:\/\/zspnowabrzeznica.pl\/index.php\/wp-json\/wp\/v2\/media?parent=738"}],"curies":[{"name":"wp","href":"https:\/\/api.w.org\/{rel}","templated":true}]}}